{"id":452,"date":"2019-11-05T15:28:20","date_gmt":"2019-11-05T13:28:20","guid":{"rendered":"https:\/\/athene.fi\/jobs\/?post_type=job_listing&#038;p=452"},"modified":"2019-11-11T00:25:57","modified_gmt":"2019-11-10T22:25:57","slug":"abb-abb-talent-program","status":"expired","type":"job_listing","link":"https:\/\/athene.fi\/jobs\/?post_type=job_listing&p=452","title":{"rendered":"ABB: ABB Talent Program"},"content":{"rendered":"<p><img loading=\"lazy\" decoding=\"async\" class=\"alignnone size-full wp-image-462\" src=\"https:\/\/athene.fi\/jobs\/wp-content\/uploads\/2019\/11\/large-abb-talent-e1572960392691.jpg\" alt=\"\" width=\"1000\" height=\"667\" \/><\/p>\n<p>&nbsp;<\/p>\n<h3><b>ABB\u00a0<\/b><b>Talent<\/b><b>\u00a0-ohjelman haku on k\u00e4ynniss\u00e4!\u00a0\u00a0<\/b><\/h3>\n<p>&nbsp;<\/p>\n<p>Oletko kandivaihettasi viimeistelev\u00e4 opiskelija? Haluatko mahdollisuuden kehitt\u00e4\u00e4 ty\u00f6el\u00e4m\u00e4taitojasi opintojen ohella? Haemme nyt 10 uutta Talenttia Helsinkiin ja Vaasaan huhtikuussa 2020 alkavaan ABB\u00a0Talent\u00a0-ohjelmaan! Kaksivuotinen ohjelma on suunnattu erityisesti tekniikan ja IT:n maisterivaiheen opiskelijoille. Ohjelma sis\u00e4lt\u00e4\u00e4 kes\u00e4t\u00f6it\u00e4, koulutuksia sek\u00e4 oman mentorin ohjelman ajaksi. Hakuaika ohjelmaan on 10.11.2019 asti.<\/p>\n<p>&nbsp;<\/p>\n<p>Lue lis\u00e4\u00e4 tai vinkkaa kaverille <a href=\"https:\/\/new.abb.com\/fi\/uralle\/uramahdollisuudet\/opiskelijat\/abb-talent-vayla-tulevaisuuteen\">t\u00e4\u00e4lt\u00e4<\/a>!<\/p>\n<p>&nbsp;<\/p>\n<p>***<\/p>\n<p>&nbsp;<\/p>\n<h3><b>ABB\u00a0Talent\u00a0Program\u00a0&#8211;\u00a0Apply\u00a0now!\u00a0<\/b><b>\u00a0<\/b><b><\/b><\/h3>\n<p>&nbsp;<\/p>\n<p>Are\u00a0you\u00a0currently\u00a0a\u00a0student\u00a0in\u00a0your\u00a0last\u00a0year\u00a0of Bachelor\u00a0studies?\u00a0Are\u00a0you\u00a0looking\u00a0for\u00a0opportunities\u00a0to\u00a0develop\u00a0your\u00a0skills\u00a0during\u00a0your\u00a0studies?\u00a0We\u00a0are now\u00a0looking\u00a0for 10\u00a0new\u00a0students\u00a0to join\u00a0our\u00a0ABB\u00a0Talent\u00a0Internship\u00a0Program to\u00a0start\u00a0in\u00a0April\u00a02020.\u00a0The\u00a0program\u00a0offers\u00a0summer\u00a0internships,\u00a0trainings,\u00a0projects\u00a0and a\u00a0personal\u00a0mentor.\u00a0The application period is\u00a01.10.-10.11.2019.<\/p>\n<p>&nbsp;<\/p>\n<p>Read\u00a0more\u00a0and\u00a0apply <a href=\"https:\/\/new.abb.com\/fi\/uralle\/uramahdollisuudet\/opiskelijat\/abb-talent-vayla-tulevaisuuteen\">here<\/a>!<\/p>\n","protected":false},"author":14,"featured_media":0,"template":"","meta":{"_promoted":"","_job_location":"Helsinki","_application":"https:\/\/new.abb.com\/fi\/uralle\/uramahdollisuudet\/opiskelijat\/abb-talent-vayla-tulevaisuuteen","_company_name":"ABB","_company_website":"https:\/\/new.abb.com\/fi","_company_tagline":"","_company_twitter":"","_company_video":"","_filled":0,"_featured":1,"_remote_position":0,"_job_salary":"","_job_salary_currency":"","_job_salary_unit":""},"job-categories":[],"job-types":[29],"class_list":{"0":"post-452","1":"job_listing","2":"type-job_listing","3":"status-expired","4":"hentry","6":"job-type-trainee","7":"job_position_featured"},"_links":{"self":[{"href":"https:\/\/athene.fi\/jobs\/wp-json\/wp\/v2\/job-listings\/452","targetHints":{"allow":["GET"]}}],"collection":[{"href":"https:\/\/athene.fi\/jobs\/wp-json\/wp\/v2\/job-listings"}],"about":[{"href":"https:\/\/athene.fi\/jobs\/wp-json\/wp\/v2\/types\/job_listing"}],"author":[{"embeddable":true,"href":"https:\/\/athene.fi\/jobs\/wp-json\/wp\/v2\/users\/14"}],"wp:attachment":[{"href":"https:\/\/athene.fi\/jobs\/wp-json\/wp\/v2\/media?parent=452"}],"wp:term":[{"taxonomy":"job_listing_category","embeddable":true,"href":"https:\/\/athene.fi\/jobs\/wp-json\/wp\/v2\/job-categories?post=452"},{"taxonomy":"job_listing_type","embeddable":true,"href":"https:\/\/athene.fi\/jobs\/wp-json\/wp\/v2\/job-types?post=452"}],"curies":[{"name":"wp","href":"https:\/\/api.w.org\/{rel}","templated":true}]}}